{"id":164,"date":"2023-08-22T15:48:11","date_gmt":"2023-08-22T13:48:11","guid":{"rendered":"https:\/\/protocole-agency.com\/?post_type=project&#038;p=164"},"modified":"2026-03-06T09:09:09","modified_gmt":"2026-03-06T08:09:09","slug":"evenement-marseille-les-salons-de-camille","status":"publish","type":"project","link":"https:\/\/protocole-agency.com\/en\/lieux\/evenement-marseille-les-salons-de-camille\/","title":{"rendered":"Les Salons de Camille Marseille | Lieu de S\u00e9minaire &amp; R\u00e9ception Priv\u00e9e"},"content":{"rendered":"<p><\/p>\n\n\n\n<p>Situ\u00e9s dans un quartier central et dynamique, Les Salons de Camille offrent un cadre raffin\u00e9 et polyvalent pour vos \u00e9v\u00e9nements d&rsquo;exception. G\u00e9r\u00e9 par l&rsquo;agence Protocole Agency, ce lieu combine le charme des appartements bourgeois marseillais avec les exigences techniques des \u00e9v\u00e9nements modernes. C\u2019est l\u2019adresse id\u00e9ale pour ceux qui recherchent confidentialit\u00e9 et \u00e9l\u00e9gance.<\/p>\n\n\n\n<p>Un lieu modulable pour vos \u00e9v\u00e9nements professionnels et priv\u00e9s :<\/p>\n\n\n\n<p>\u00c9v\u00e9nements Corporate : S\u00e9minaires r\u00e9sidentiels, comit\u00e9s de direction, journ\u00e9es d&rsquo;\u00e9tude et pr\u00e9sentations de presse.<\/p>\n\n\n\n<p>R\u00e9ceptions Priv\u00e9es : Cocktails d\u00eenatoires, anniversaires de prestige et repas de famille intimistes.<\/p>\n\n\n\n<p>\u00c9quipements : Connexion haut d\u00e9bit, mat\u00e9riel de projection, mobilier modulable et service traiteur sur-mesure coordonn\u00e9 par nos experts.<\/p>\n\n\n\n<p>En choisissant les Salons de Camille, vous b\u00e9n\u00e9ficiez de l&rsquo;accompagnement complet de Protocole Agency. De l&rsquo;accueil protocolaire de vos invit\u00e9s \u00e0 la mise en place d&rsquo;une sc\u00e9nographie personnalis\u00e9e, nous veillons \u00e0 ce que chaque d\u00e9tail technique et logistique soit orchestr\u00e9 avec une rigueur absolue.<\/p>\n\n\n\n<p>In the 18th century, the Olive family began the construction of this magnificent mansion located on the Cours Pierre Puget. A neat fa\u00e7ade introduces a singular architecture: the imposing glass-roofed stairwell rising twenty meters above the ground, the majestic wall ornaments and the marquetry parquet floors deploying the prosperity of the Olive family are all elements justifying the registration of this place as a historical monument since 2016.<\/p>","protected":false},"excerpt":{"rendered":"<p>Situ\u00e9s dans un quartier central et dynamique, Les Salons de Camille offrent un cadre raffin\u00e9 et polyvalent pour vos \u00e9v\u00e9nements d&rsquo;exception. G\u00e9r\u00e9 par l&rsquo;agence Protocole Agency, ce lieu combine le charme des appartements bourgeois marseillais avec les exigences techniques des \u00e9v\u00e9nements modernes. C\u2019est l\u2019adresse id\u00e9ale pour ceux qui recherchent confidentialit\u00e9 et \u00e9l\u00e9gance. Un lieu modulable [&hellip;]<\/p>\n","protected":false},"author":1,"featured_media":167,"comment_status":"closed","ping_status":"closed","template":"","meta":{"_et_pb_use_builder":"off","_et_pb_old_content":"","_et_gb_content_width":"","_monsterinsights_skip_tracking":false,"_monsterinsights_sitenote_active":false,"_monsterinsights_sitenote_note":"","_monsterinsights_sitenote_category":0,"footnotes":""},"project_category":[],"project_tag":[],"class_list":["post-164","project","type-project","status-publish","has-post-thumbnail","hentry"],"acf":[],"yoast_head":"<!-- This site is optimized with the Yoast SEO plugin v27.5 - https:\/\/yoast.com\/product\/yoast-seo-wordpress\/ -->\n<title>Organisation \u00c9v\u00e9nements - Salon de Camille Marseille - Protocole Agency<\/title>\n<meta name=\"description\" content=\"Privatisez les Salons de Camille \u00e0 Marseille pour vos s\u00e9minaires, r\u00e9unions de direction et \u00e9v\u00e9nements priv\u00e9s. Un cadre \u00e9l\u00e9gant et modulable g\u00e9r\u00e9 par Protocole Agency.\" \/>\n<meta name=\"robots\" content=\"index, follow, max-snippet:-1, max-image-preview:large, max-video-preview:-1\" \/>\n<link rel=\"canonical\" href=\"https:\/\/protocole-agency.com\/en\/lieux\/evenement-marseille-les-salons-de-camille\/\" \/>\n<meta property=\"og:locale\" content=\"en_GB\" \/>\n<meta property=\"og:type\" content=\"article\" \/>\n<meta property=\"og:title\" content=\"Organisation \u00c9v\u00e9nements - Salon de Camille Marseille - Protocole Agency\" \/>\n<meta property=\"og:description\" content=\"Privatisez les Salons de Camille \u00e0 Marseille pour vos s\u00e9minaires, r\u00e9unions de direction et \u00e9v\u00e9nements priv\u00e9s. Un cadre \u00e9l\u00e9gant et modulable g\u00e9r\u00e9 par Protocole Agency.\" \/>\n<meta property=\"og:url\" content=\"https:\/\/protocole-agency.com\/en\/lieux\/evenement-marseille-les-salons-de-camille\/\" \/>\n<meta property=\"og:site_name\" content=\"Protocole Agency\" \/>\n<meta property=\"article:modified_time\" content=\"2026-03-06T08:09:09+00:00\" \/>\n<meta property=\"og:image\" content=\"https:\/\/protocole-agency.com\/wp-content\/uploads\/2022\/02\/SALON-EN-ENFILADE-scaled.jpg\" \/>\n\t<meta property=\"og:image:width\" content=\"1707\" \/>\n\t<meta property=\"og:image:height\" content=\"2560\" \/>\n\t<meta property=\"og:image:type\" content=\"image\/jpeg\" \/>\n<meta name=\"twitter:card\" content=\"summary_large_image\" \/>\n<meta name=\"twitter:label1\" content=\"Estimated reading time\" \/>\n\t<meta name=\"twitter:data1\" content=\"2 minutes\" \/>\n<script type=\"application\/ld+json\" class=\"yoast-schema-graph\">{\"@context\":\"https:\\\/\\\/schema.org\",\"@graph\":[{\"@type\":\"WebPage\",\"@id\":\"https:\\\/\\\/protocole-agency.com\\\/lieux\\\/evenement-marseille-les-salons-de-camille\\\/\",\"url\":\"https:\\\/\\\/protocole-agency.com\\\/lieux\\\/evenement-marseille-les-salons-de-camille\\\/\",\"name\":\"Organisation \u00c9v\u00e9nements - Salon de Camille Marseille - Protocole Agency\",\"isPartOf\":{\"@id\":\"https:\\\/\\\/protocole-agency.com\\\/#website\"},\"primaryImageOfPage\":{\"@id\":\"https:\\\/\\\/protocole-agency.com\\\/lieux\\\/evenement-marseille-les-salons-de-camille\\\/#primaryimage\"},\"image\":{\"@id\":\"https:\\\/\\\/protocole-agency.com\\\/lieux\\\/evenement-marseille-les-salons-de-camille\\\/#primaryimage\"},\"thumbnailUrl\":\"https:\\\/\\\/protocole-agency.com\\\/wp-content\\\/uploads\\\/2022\\\/02\\\/SALON-EN-ENFILADE-scaled.jpg\",\"datePublished\":\"2023-08-22T13:48:11+00:00\",\"dateModified\":\"2026-03-06T08:09:09+00:00\",\"description\":\"Privatisez les Salons de Camille \u00e0 Marseille pour vos s\u00e9minaires, r\u00e9unions de direction et \u00e9v\u00e9nements priv\u00e9s. Un cadre \u00e9l\u00e9gant et modulable g\u00e9r\u00e9 par Protocole Agency.\",\"breadcrumb\":{\"@id\":\"https:\\\/\\\/protocole-agency.com\\\/lieux\\\/evenement-marseille-les-salons-de-camille\\\/#breadcrumb\"},\"inLanguage\":\"en-GB\",\"potentialAction\":[{\"@type\":\"ReadAction\",\"target\":[\"https:\\\/\\\/protocole-agency.com\\\/lieux\\\/evenement-marseille-les-salons-de-camille\\\/\"]}]},{\"@type\":\"ImageObject\",\"inLanguage\":\"en-GB\",\"@id\":\"https:\\\/\\\/protocole-agency.com\\\/lieux\\\/evenement-marseille-les-salons-de-camille\\\/#primaryimage\",\"url\":\"https:\\\/\\\/protocole-agency.com\\\/wp-content\\\/uploads\\\/2022\\\/02\\\/SALON-EN-ENFILADE-scaled.jpg\",\"contentUrl\":\"https:\\\/\\\/protocole-agency.com\\\/wp-content\\\/uploads\\\/2022\\\/02\\\/SALON-EN-ENFILADE-scaled.jpg\",\"width\":1707,\"height\":2560},{\"@type\":\"BreadcrumbList\",\"@id\":\"https:\\\/\\\/protocole-agency.com\\\/lieux\\\/evenement-marseille-les-salons-de-camille\\\/#breadcrumb\",\"itemListElement\":[{\"@type\":\"ListItem\",\"position\":1,\"name\":\"Accueil\",\"item\":\"https:\\\/\\\/protocole-agency.com\\\/\"},{\"@type\":\"ListItem\",\"position\":2,\"name\":\"Lieux\",\"item\":\"https:\\\/\\\/protocole-agency.com\\\/lieux\\\/\"},{\"@type\":\"ListItem\",\"position\":3,\"name\":\"evenement-marseille-les-salons-de-camille\"}]},{\"@type\":\"WebSite\",\"@id\":\"https:\\\/\\\/protocole-agency.com\\\/#website\",\"url\":\"https:\\\/\\\/protocole-agency.com\\\/\",\"name\":\"Protocole Agency\",\"description\":\"Agence d&#039;\u00e9v\u00e9nements protocolaires et de prestige\",\"publisher\":{\"@id\":\"https:\\\/\\\/protocole-agency.com\\\/#organization\"},\"potentialAction\":[{\"@type\":\"SearchAction\",\"target\":{\"@type\":\"EntryPoint\",\"urlTemplate\":\"https:\\\/\\\/protocole-agency.com\\\/?s={search_term_string}\"},\"query-input\":{\"@type\":\"PropertyValueSpecification\",\"valueRequired\":true,\"valueName\":\"search_term_string\"}}],\"inLanguage\":\"en-GB\"},{\"@type\":\"Organization\",\"@id\":\"https:\\\/\\\/protocole-agency.com\\\/#organization\",\"name\":\"Protocole Agency\",\"url\":\"https:\\\/\\\/protocole-agency.com\\\/\",\"logo\":{\"@type\":\"ImageObject\",\"inLanguage\":\"en-GB\",\"@id\":\"https:\\\/\\\/protocole-agency.com\\\/#\\\/schema\\\/logo\\\/image\\\/\",\"url\":\"https:\\\/\\\/protocole-agency.com\\\/wp-content\\\/uploads\\\/2022\\\/02\\\/protocole-agency.svg\",\"contentUrl\":\"https:\\\/\\\/protocole-agency.com\\\/wp-content\\\/uploads\\\/2022\\\/02\\\/protocole-agency.svg\",\"width\":1,\"height\":1,\"caption\":\"Protocole Agency\"},\"image\":{\"@id\":\"https:\\\/\\\/protocole-agency.com\\\/#\\\/schema\\\/logo\\\/image\\\/\"}}]}<\/script>\n<!-- \/ Yoast SEO plugin. -->","yoast_head_json":{"title":"Organisation \u00c9v\u00e9nements - Salon de Camille Marseille - Protocole Agency","description":"Privatisez les Salons de Camille \u00e0 Marseille pour vos s\u00e9minaires, r\u00e9unions de direction et \u00e9v\u00e9nements priv\u00e9s. Un cadre \u00e9l\u00e9gant et modulable g\u00e9r\u00e9 par Protocole Agency.","robots":{"index":"index","follow":"follow","max-snippet":"max-snippet:-1","max-image-preview":"max-image-preview:large","max-video-preview":"max-video-preview:-1"},"canonical":"https:\/\/protocole-agency.com\/en\/lieux\/evenement-marseille-les-salons-de-camille\/","og_locale":"en_GB","og_type":"article","og_title":"Organisation \u00c9v\u00e9nements - Salon de Camille Marseille - Protocole Agency","og_description":"Privatisez les Salons de Camille \u00e0 Marseille pour vos s\u00e9minaires, r\u00e9unions de direction et \u00e9v\u00e9nements priv\u00e9s. Un cadre \u00e9l\u00e9gant et modulable g\u00e9r\u00e9 par Protocole Agency.","og_url":"https:\/\/protocole-agency.com\/en\/lieux\/evenement-marseille-les-salons-de-camille\/","og_site_name":"Protocole Agency","article_modified_time":"2026-03-06T08:09:09+00:00","og_image":[{"width":1707,"height":2560,"url":"https:\/\/protocole-agency.com\/wp-content\/uploads\/2022\/02\/SALON-EN-ENFILADE-scaled.jpg","type":"image\/jpeg"}],"twitter_card":"summary_large_image","twitter_misc":{"Estimated reading time":"2 minutes"},"schema":{"@context":"https:\/\/schema.org","@graph":[{"@type":"WebPage","@id":"https:\/\/protocole-agency.com\/lieux\/evenement-marseille-les-salons-de-camille\/","url":"https:\/\/protocole-agency.com\/lieux\/evenement-marseille-les-salons-de-camille\/","name":"Organisation \u00c9v\u00e9nements - Salon de Camille Marseille - Protocole Agency","isPartOf":{"@id":"https:\/\/protocole-agency.com\/#website"},"primaryImageOfPage":{"@id":"https:\/\/protocole-agency.com\/lieux\/evenement-marseille-les-salons-de-camille\/#primaryimage"},"image":{"@id":"https:\/\/protocole-agency.com\/lieux\/evenement-marseille-les-salons-de-camille\/#primaryimage"},"thumbnailUrl":"https:\/\/protocole-agency.com\/wp-content\/uploads\/2022\/02\/SALON-EN-ENFILADE-scaled.jpg","datePublished":"2023-08-22T13:48:11+00:00","dateModified":"2026-03-06T08:09:09+00:00","description":"Privatisez les Salons de Camille \u00e0 Marseille pour vos s\u00e9minaires, r\u00e9unions de direction et \u00e9v\u00e9nements priv\u00e9s. Un cadre \u00e9l\u00e9gant et modulable g\u00e9r\u00e9 par Protocole Agency.","breadcrumb":{"@id":"https:\/\/protocole-agency.com\/lieux\/evenement-marseille-les-salons-de-camille\/#breadcrumb"},"inLanguage":"en-GB","potentialAction":[{"@type":"ReadAction","target":["https:\/\/protocole-agency.com\/lieux\/evenement-marseille-les-salons-de-camille\/"]}]},{"@type":"ImageObject","inLanguage":"en-GB","@id":"https:\/\/protocole-agency.com\/lieux\/evenement-marseille-les-salons-de-camille\/#primaryimage","url":"https:\/\/protocole-agency.com\/wp-content\/uploads\/2022\/02\/SALON-EN-ENFILADE-scaled.jpg","contentUrl":"https:\/\/protocole-agency.com\/wp-content\/uploads\/2022\/02\/SALON-EN-ENFILADE-scaled.jpg","width":1707,"height":2560},{"@type":"BreadcrumbList","@id":"https:\/\/protocole-agency.com\/lieux\/evenement-marseille-les-salons-de-camille\/#breadcrumb","itemListElement":[{"@type":"ListItem","position":1,"name":"Accueil","item":"https:\/\/protocole-agency.com\/"},{"@type":"ListItem","position":2,"name":"Lieux","item":"https:\/\/protocole-agency.com\/lieux\/"},{"@type":"ListItem","position":3,"name":"evenement-marseille-les-salons-de-camille"}]},{"@type":"WebSite","@id":"https:\/\/protocole-agency.com\/#website","url":"https:\/\/protocole-agency.com\/","name":"Protocole Agency","description":"Agence d&#039;\u00e9v\u00e9nements protocolaires et de prestige","publisher":{"@id":"https:\/\/protocole-agency.com\/#organization"},"potentialAction":[{"@type":"SearchAction","target":{"@type":"EntryPoint","urlTemplate":"https:\/\/protocole-agency.com\/?s={search_term_string}"},"query-input":{"@type":"PropertyValueSpecification","valueRequired":true,"valueName":"search_term_string"}}],"inLanguage":"en-GB"},{"@type":"Organization","@id":"https:\/\/protocole-agency.com\/#organization","name":"Protocole Agency","url":"https:\/\/protocole-agency.com\/","logo":{"@type":"ImageObject","inLanguage":"en-GB","@id":"https:\/\/protocole-agency.com\/#\/schema\/logo\/image\/","url":"https:\/\/protocole-agency.com\/wp-content\/uploads\/2022\/02\/protocole-agency.svg","contentUrl":"https:\/\/protocole-agency.com\/wp-content\/uploads\/2022\/02\/protocole-agency.svg","width":1,"height":1,"caption":"Protocole Agency"},"image":{"@id":"https:\/\/protocole-agency.com\/#\/schema\/logo\/image\/"}}]}},"_links":{"self":[{"href":"https:\/\/protocole-agency.com\/en\/wp-json\/wp\/v2\/project\/164","targetHints":{"allow":["GET"]}}],"collection":[{"href":"https:\/\/protocole-agency.com\/en\/wp-json\/wp\/v2\/project"}],"about":[{"href":"https:\/\/protocole-agency.com\/en\/wp-json\/wp\/v2\/types\/project"}],"author":[{"embeddable":true,"href":"https:\/\/protocole-agency.com\/en\/wp-json\/wp\/v2\/users\/1"}],"replies":[{"embeddable":true,"href":"https:\/\/protocole-agency.com\/en\/wp-json\/wp\/v2\/comments?post=164"}],"version-history":[{"count":11,"href":"https:\/\/protocole-agency.com\/en\/wp-json\/wp\/v2\/project\/164\/revisions"}],"predecessor-version":[{"id":3262,"href":"https:\/\/protocole-agency.com\/en\/wp-json\/wp\/v2\/project\/164\/revisions\/3262"}],"wp:featuredmedia":[{"embeddable":true,"href":"https:\/\/protocole-agency.com\/en\/wp-json\/wp\/v2\/media\/167"}],"wp:attachment":[{"href":"https:\/\/protocole-agency.com\/en\/wp-json\/wp\/v2\/media?parent=164"}],"wp:term":[{"taxonomy":"project_category","embeddable":true,"href":"https:\/\/protocole-agency.com\/en\/wp-json\/wp\/v2\/project_category?post=164"},{"taxonomy":"project_tag","embeddable":true,"href":"https:\/\/protocole-agency.com\/en\/wp-json\/wp\/v2\/project_tag?post=164"}],"curies":[{"name":"wp","href":"https:\/\/api.w.org\/{rel}","templated":true}]}}